{"id":8676,"date":"2025-03-11T09:13:19","date_gmt":"2025-03-11T08:13:19","guid":{"rendered":"https:\/\/abrisol.acceseo.dev\/promocions\/"},"modified":"2026-04-02T10:26:01","modified_gmt":"2026-04-02T08:26:01","slug":"promocions","status":"publish","type":"page","link":"https:\/\/www.abrisol.net\/ca\/promocions\/","title":{"rendered":"Promocions"},"content":{"rendered":"\n<div class=\"wp-block-uagb-container uagb-block-8d40ca6d alignfull uagb-is-root-container\"><div class=\"uagb-container-inner-blocks-wrap\"><nav aria-label=\"breadcrumbs\" class=\"rank-math-breadcrumb\"><p><span class=\"last\">Inicio<\/span><\/p><\/nav>\n<\/div><\/div>\n\n\n\n<div class=\"wp-block-uagb-container uagb-block-7ac3bc4a alignfull uagb-is-root-container\"><div class=\"uagb-container-inner-blocks-wrap\">\n<div class=\"wp-block-uagb-advanced-heading uagb-block-1ded3eba\"><h1 class=\"uagb-heading-text\">Promoci\u00f3 especial 30 aniversari d\u2019Abrisol<\/h1><\/div>\n<\/div><\/div>\n\n\n\n<div class=\"wp-block-uagb-container uagb-block-040cd770 alignfull uagb-is-root-container\"><div class=\"uagb-container-inner-blocks-wrap\">\n<div class=\"wp-block-uagb-image uagb-block-9d08d569 wp-block-uagb-image--layout-default wp-block-uagb-image--effect-static wp-block-uagb-image--align-none\"><figure class=\"wp-block-uagb-image__figure\"><img decoding=\"async\" srcset=\"https:\/\/www.abrisol.net\/wp-content\/uploads\/2026\/04\/Web__CAT-1024x387.png ,https:\/\/www.abrisol.net\/wp-content\/uploads\/2026\/04\/Web__CAT.png 780w, https:\/\/www.abrisol.net\/wp-content\/uploads\/2026\/04\/Web__CAT.png 360w\" sizes=\"auto, (max-width: 480px) 150px\" src=\"https:\/\/www.abrisol.net\/wp-content\/uploads\/2026\/04\/Web__CAT-1024x387.png\" alt=\"Promoci\u00f3 especial aniversari Abrisol: 10% en la coberta Vision\" class=\"uag-image-12696\" width=\"1024\" height=\"294\" title=\"Web__CAT\" loading=\"lazy\" role=\"img\"\/><\/figure><\/div>\n<\/div><\/div>\n\n\n\n<div class=\"wp-block-uagb-container uagb-block-37104f74 alignfull uagb-is-root-container\"><div class=\"uagb-container-inner-blocks-wrap\">\n<div class=\"wp-block-uagb-container uagb-layout-flex uagb-block-b2dd7829\">\n<div class=\"wp-block-uagb-advanced-heading uagb-block-c2c884fb\"><h2 class=\"uagb-heading-text\">Enguany \u00e9s un any molt especial per a nosaltres: celebrem 30 anys oferint solucions que protegeixen i millorar l\u2019experi\u00e8ncia de gaudir de la seva piscina i spa.<\/h2><\/div>\n\n\n\n<div class=\"wp-block-uagb-advanced-heading uagb-block-ee580e85\"><p class=\"uagb-heading-text\">Durant aquestes tres d\u00e8cades hem treballat per combinar durabilitat, disseny i funcionalitat en cadascuna de les nostres cobertes i com volem compartir aquesta celebraci\u00f3 amb els nostres clients, durant tot el mes d\u2019abril podr\u00e0 aprofitar la nostra promoci\u00f3 especial i adquirir la coberta per spa Vision amb un 10% de descompte des del dia 1 al 30 d\u2019abril (ambd\u00f3s inclosos).<\/p><\/div>\n<\/div>\n<\/div><\/div>\n\n\n\n<div class=\"wp-block-uagb-container uagb-block-545a7659 alignfull uagb-is-root-container\"><div class=\"uagb-container-inner-blocks-wrap\">\n<div class=\"wp-block-uagb-separator uagb-block-829fb741\"><div class=\"wp-block-uagb-separator__inner\" style=\"--my-background-image:\"><\/div><\/div>\n<\/div><\/div>\n\n\n\n<div class=\"wp-block-uagb-container uagb-block-6a5a7eed alignfull uagb-is-root-container\"><div class=\"uagb-container-inner-blocks-wrap\">\n<div class=\"wp-block-uagb-container uagb-block-14095111\">\n<div class=\"wp-block-uagb-advanced-heading uagb-block-ff471e41\"><h2 class=\"uagb-heading-text\">Coberta Vision<\/h2><\/div>\n\n\n\n<div class=\"wp-block-uagb-advanced-heading uagb-block-e6aabe34\"><p class=\"uagb-heading-text\">La coberta Vision \u00e9s la darrera incorporaci\u00f3 al nostre cat\u00e0leg. Presentada el passat any al sal\u00f3 mundial de la piscina de Li\u00f3, aquesta coberta per a spa \u00e9s un model fix amb un disseny semicircular que li proporciona una visi\u00f3 panor\u00e0mica de l&#8217;exterior. A m\u00e9s de pel seu disseny, aquesta coberta destaca pels diversos accessos ja que, a m\u00e9s de l&#8217;acc\u00e9s principal a la fa\u00e7ana i fons, aquest model ofereix l&#8217;opci\u00f3 d&#8217;afegir una trapa lateral en un o en tots els m\u00f2duls.<\/p><\/div>\n\n\n\n<div class=\"wp-block-uagb-buttons uagb-buttons__outer-wrap uagb-btn__default-btn uagb-btn-tablet__default-btn uagb-btn-mobile__default-btn uagb-block-b3396d69\"><div class=\"uagb-buttons__wrap uagb-buttons-layout-wrap \">\n<div class=\"wp-block-uagb-buttons-child uagb-buttons__outer-wrap uagb-block-6fafd129 wp-block-button yellow-button\"><div class=\"uagb-button__wrapper\"><a class=\"uagb-buttons-repeater wp-block-button__link\" aria-label=\"\" href=\"https:\/\/www.abrisol.net\/ca\/cubiertas\/coberta-vision\/\" rel=\"follow noopener\" target=\"_self\" role=\"button\"><div class=\"uagb-button__link\">Caracter\u00edstiques de la coberta Vision<\/div><span class=\"uagb-button__icon uagb-button__icon-position-after\"><svg xmlns=\"https:\/\/www.w3.org\/2000\/svg\" viewBox=\"0 0 448 512\" aria-hidden=\"true\" focussable=\"false\"><path d=\"M438.6 278.6l-160 160C272.4 444.9 264.2 448 256 448s-16.38-3.125-22.62-9.375c-12.5-12.5-12.5-32.75 0-45.25L338.8 288H32C14.33 288 .0016 273.7 .0016 256S14.33 224 32 224h306.8l-105.4-105.4c-12.5-12.5-12.5-32.75 0-45.25s32.75-12.5 45.25 0l160 160C451.1 245.9 451.1 266.1 438.6 278.6z\"><\/path><\/svg><\/span><\/a><\/div><\/div>\n<\/div><\/div>\n<\/div>\n\n\n\n<div class=\"wp-block-uagb-container uagb-block-501867c6\">\n<div class=\"wp-block-uagb-image alignleft uagb-block-2f9efbe7 wp-block-uagb-image--layout-default wp-block-uagb-image--effect-static wp-block-uagb-image--align-left\"><figure class=\"wp-block-uagb-image__figure\"><img decoding=\"async\" srcset=\"https:\/\/www.abrisol.net\/wp-content\/uploads\/2025\/11\/Vision_optimizada-1024x576.png ,https:\/\/www.abrisol.net\/wp-content\/uploads\/2025\/11\/Vision_optimizada.png 780w, https:\/\/www.abrisol.net\/wp-content\/uploads\/2025\/11\/Vision_optimizada.png 360w\" sizes=\"auto, (max-width: 480px) 150px\" src=\"https:\/\/www.abrisol.net\/wp-content\/uploads\/2025\/11\/Vision_optimizada-1024x576.png\" alt=\"Cubierta para spa Vision\" class=\"uag-image-11631\" width=\"694\" height=\"494\" title=\"Vision_optimizada\" loading=\"lazy\" role=\"img\"\/><\/figure><\/div>\n<\/div>\n<\/div><\/div>\n\n\n\n<div class=\"wp-block-uagb-container uagb-block-1845d688 alignfull uagb-is-root-container\"><div class=\"uagb-container-inner-blocks-wrap\">\n<div class=\"wp-block-uagb-container uagb-layout-flex uagb-block-efcafa2a\">\n<div class=\"wp-block-uagb-advanced-heading uagb-block-28f8a39c\"><h2 class=\"uagb-heading-text\">Beneficis d\u2019instal\u00b7lar una coberta Vision<\/h2><\/div>\n\n\n\n<div class=\"wp-block-uagb-advanced-heading uagb-block-57f69312\"><p class=\"uagb-heading-text\">A m\u00e9s de cobrir el teu jacuzzi amb una tapa, protegir-lo amb un tancament com la nostra coberta Vision t\u00e9 molts beneficis. Alguns d&#8217;ells s\u00f3n:<\/p><\/div>\n<\/div>\n<\/div><\/div>\n\n\n\n<div class=\"wp-block-uagb-container uagb-block-71633f39 alignfull uagb-is-root-container\"><div class=\"uagb-container-inner-blocks-wrap\">\n<div class=\"wp-block-uagb-container uagb-block-be47dfaa\">\n<div class=\"wp-block-uagb-image alignleft uagb-block-aa4cfcc4 wp-block-uagb-image--layout-default wp-block-uagb-image--effect-static wp-block-uagb-image--align-left\"><figure class=\"wp-block-uagb-image__figure\"><img decoding=\"async\" srcset=\"https:\/\/www.abrisol.net\/wp-content\/uploads\/2025\/03\/ANO.svg ,https:\/\/www.abrisol.net\/wp-content\/uploads\/2025\/03\/ANO.svg 780w, https:\/\/www.abrisol.net\/wp-content\/uploads\/2025\/03\/ANO.svg 360w\" sizes=\"auto, (max-width: 480px) 150px\" src=\"https:\/\/www.abrisol.net\/wp-content\/uploads\/2025\/03\/ANO.svg\" alt=\"Calendario. 365 d\u00edas\" class=\"uag-image-2798\" width=\"72\" height=\"72\" title=\"A\u00d1O\" loading=\"lazy\" role=\"img\"\/><\/figure><\/div>\n\n\n\n<div class=\"wp-block-uagb-advanced-heading uagb-block-cabe52ff\"><p class=\"uagb-heading-text\">Tindre el seu spa disponible tot l&#8217;any<\/p><\/div>\n\n\n\n<div id=\"read-more-pergolas\" class=\"wp-block-uagb-container read-more-pergolas uagb-block-6e45cbd9 alignfull uagb-is-root-container\"><div class=\"uagb-container-inner-blocks-wrap\">\n<div class=\"wp-block-uagb-advanced-heading uagb-block-a3e8b3b9\"><p class=\"uagb-heading-text\"><span style=\"font-weight: 400;\">Si instal\u00b7leu una coberta Vision, podr\u00e0 utilitzar el seu jacuzzi durant tot l&#8217;any perqu\u00e8 les nostres cobertes ajuden a crear un microclima augmentant la temperatura de l&#8217;aigua i de l&#8217;interior de la coberta perqu\u00e8 pugui relaxar-se en el seu spa sigui com sigui la temperatura exterior.<\/span><\/p><\/div>\n\n\n\n<div class=\"wp-block-uagb-buttons uagb-buttons__outer-wrap uagb-btn__default-btn uagb-btn-tablet__default-btn uagb-btn-mobile__default-btn uagb-block-921dc89f\"><div class=\"uagb-buttons__wrap uagb-buttons-layout-wrap \">\n<div class=\"wp-block-uagb-buttons-child uagb-buttons__outer-wrap uagb-block-cd98a395 wp-block-button\"><div class=\"uagb-button__wrapper\"><a class=\"uagb-buttons-repeater wp-block-button__link\" aria-label=\"\" href=\"#\" rel=\"follow noopener\" target=\"_self\" role=\"button\"><div class=\"uagb-button__link\">Leer m\u00e1s<\/div><span class=\"uagb-button__icon uagb-button__icon-position-after\"><svg xmlns=\"https:\/\/www.w3.org\/2000\/svg\" viewBox=\"0 0 320 512\" aria-hidden=\"true\" focussable=\"false\"><path d=\"M9.375 329.4c12.51-12.51 32.76-12.49 45.25 0L128 402.8V32c0-17.69 14.31-32 32-32s32 14.31 32 32v370.8l73.38-73.38c12.5-12.5 32.75-12.5 45.25 0s12.5 32.75 0 45.25l-128 128c-12.5 12.5-32.75 12.5-45.25 0l-128-128C-3.125 362.1-3.125 341.9 9.375 329.4z\"><\/path><\/svg><\/span><\/a><\/div><\/div>\n<\/div><\/div>\n<\/div><\/div>\n<\/div>\n\n\n\n<div class=\"wp-block-uagb-container uagb-block-1ac051b5\">\n<div class=\"wp-block-uagb-image alignleft uagb-block-9646092e wp-block-uagb-image--layout-default wp-block-uagb-image--effect-static wp-block-uagb-image--align-left\"><figure class=\"wp-block-uagb-image__figure\"><img decoding=\"async\" srcset=\"https:\/\/www.abrisol.net\/wp-content\/uploads\/2025\/03\/personalizacion-1.svg ,https:\/\/www.abrisol.net\/wp-content\/uploads\/2025\/03\/personalizacion-1.svg 780w, https:\/\/www.abrisol.net\/wp-content\/uploads\/2025\/03\/personalizacion-1.svg 360w\" sizes=\"auto, (max-width: 480px) 150px\" src=\"https:\/\/www.abrisol.net\/wp-content\/uploads\/2025\/03\/personalizacion-1.svg\" alt=\"\" class=\"uag-image-473\" width=\"72\" height=\"72\" title=\"personalizaci\u00f3n\" loading=\"lazy\" role=\"img\"\/><\/figure><\/div>\n\n\n\n<div class=\"wp-block-uagb-advanced-heading uagb-block-749c2f34\"><p class=\"uagb-heading-text\">Protegir el seu jacuzzi d&#8217;agressions externes com el sol, la pluja, el vent o la neu<\/p><\/div>\n\n\n\n<div id=\"read-more-pergolas\" class=\"wp-block-uagb-container read-more-pergolas uagb-block-b483ffcb alignfull uagb-is-root-container\"><div class=\"uagb-container-inner-blocks-wrap\">\n<div class=\"wp-block-uagb-advanced-heading uagb-block-5371c01c\"><p class=\"uagb-heading-text\">Aix\u00f2, a m\u00e9s de mantenir l&#8217;aigua neta, allargar\u00e0 la vida \u00fatil del seu jacuzzi en protegir-ho d&#8217;aquestes agressions que poden envellir i fins i tot arribar a danyar per complet el seu jacuzzi.<\/p><\/div>\n\n\n\n<div class=\"wp-block-uagb-buttons uagb-buttons__outer-wrap uagb-btn__default-btn uagb-btn-tablet__default-btn uagb-btn-mobile__default-btn uagb-block-95a19769\"><div class=\"uagb-buttons__wrap uagb-buttons-layout-wrap \">\n<div class=\"wp-block-uagb-buttons-child uagb-buttons__outer-wrap uagb-block-51b8ee32 wp-block-button\"><div class=\"uagb-button__wrapper\"><a class=\"uagb-buttons-repeater wp-block-button__link\" aria-label=\"\" href=\"#\" rel=\"follow noopener\" target=\"_self\" role=\"button\"><div class=\"uagb-button__link\">Leer m\u00e1s<\/div><span class=\"uagb-button__icon uagb-button__icon-position-after\"><svg xmlns=\"https:\/\/www.w3.org\/2000\/svg\" viewBox=\"0 0 320 512\" aria-hidden=\"true\" focussable=\"false\"><path d=\"M9.375 329.4c12.51-12.51 32.76-12.49 45.25 0L128 402.8V32c0-17.69 14.31-32 32-32s32 14.31 32 32v370.8l73.38-73.38c12.5-12.5 32.75-12.5 45.25 0s12.5 32.75 0 45.25l-128 128c-12.5 12.5-32.75 12.5-45.25 0l-128-128C-3.125 362.1-3.125 341.9 9.375 329.4z\"><\/path><\/svg><\/span><\/a><\/div><\/div>\n<\/div><\/div>\n<\/div><\/div>\n<\/div>\n\n\n\n<div class=\"wp-block-uagb-container uagb-block-ab179933\">\n<div class=\"wp-block-uagb-image alignleft uagb-block-8204e92e wp-block-uagb-image--layout-default wp-block-uagb-image--effect-static wp-block-uagb-image--align-left\"><figure class=\"wp-block-uagb-image__figure\"><img decoding=\"async\" srcset=\"https:\/\/www.abrisol.net\/wp-content\/uploads\/2025\/03\/adosada.svg ,https:\/\/www.abrisol.net\/wp-content\/uploads\/2025\/03\/adosada.svg 780w, https:\/\/www.abrisol.net\/wp-content\/uploads\/2025\/03\/adosada.svg 360w\" sizes=\"auto, (max-width: 480px) 150px\" src=\"https:\/\/www.abrisol.net\/wp-content\/uploads\/2025\/03\/adosada.svg\" alt=\"Cubierta para spa o piscina \" class=\"uag-image-2683\" width=\"72\" height=\"72\" title=\"adosada\" loading=\"lazy\" role=\"img\"\/><\/figure><\/div>\n\n\n\n<div class=\"wp-block-uagb-advanced-heading uagb-block-30371f9c\"><p class=\"uagb-heading-text\">Gaudir d&#8217;unes vistes panor\u00e0miques mentre es relaxa<\/p><\/div>\n\n\n\n<div id=\"read-more-pergolas\" class=\"wp-block-uagb-container read-more-pergolas uagb-block-49ed870b alignfull uagb-is-root-container\"><div class=\"uagb-container-inner-blocks-wrap\">\n<div class=\"wp-block-uagb-advanced-heading uagb-block-d375d933\"><p class=\"uagb-heading-text\">Les nostres cobertes estan fetes d&#8217;un material transparent (policarbonat transparent o alveolar o cristall) que proporciona una sensaci\u00f3 d&#8217;amplitud a m\u00e9s de deixar-li gaudir de les vistes exteriors mentre es banya.<\/p><\/div>\n\n\n\n<div class=\"wp-block-uagb-buttons uagb-buttons__outer-wrap uagb-btn__default-btn uagb-btn-tablet__default-btn uagb-btn-mobile__default-btn uagb-block-494ae75a\"><div class=\"uagb-buttons__wrap uagb-buttons-layout-wrap \">\n<div class=\"wp-block-uagb-buttons-child uagb-buttons__outer-wrap uagb-block-634a41a4 wp-block-button\"><div class=\"uagb-button__wrapper\"><a class=\"uagb-buttons-repeater wp-block-button__link\" aria-label=\"\" href=\"#\" rel=\"follow noopener\" target=\"_self\" role=\"button\"><div class=\"uagb-button__link\">Leer m\u00e1s<\/div><span class=\"uagb-button__icon uagb-button__icon-position-after\"><svg xmlns=\"https:\/\/www.w3.org\/2000\/svg\" viewBox=\"0 0 320 512\" aria-hidden=\"true\" focussable=\"false\"><path d=\"M9.375 329.4c12.51-12.51 32.76-12.49 45.25 0L128 402.8V32c0-17.69 14.31-32 32-32s32 14.31 32 32v370.8l73.38-73.38c12.5-12.5 32.75-12.5 45.25 0s12.5 32.75 0 45.25l-128 128c-12.5 12.5-32.75 12.5-45.25 0l-128-128C-3.125 362.1-3.125 341.9 9.375 329.4z\"><\/path><\/svg><\/span><\/a><\/div><\/div>\n<\/div><\/div>\n<\/div><\/div>\n<\/div>\n\n\n\n<div class=\"wp-block-uagb-container uagb-block-440eab07\">\n<div class=\"wp-block-uagb-image alignleft uagb-block-9d8db899 wp-block-uagb-image--layout-default wp-block-uagb-image--effect-static wp-block-uagb-image--align-left\"><figure class=\"wp-block-uagb-image__figure\"><img decoding=\"async\" srcset=\"https:\/\/www.abrisol.net\/wp-content\/uploads\/2025\/03\/economica.svg ,https:\/\/www.abrisol.net\/wp-content\/uploads\/2025\/03\/economica.svg 780w, https:\/\/www.abrisol.net\/wp-content\/uploads\/2025\/03\/economica.svg 360w\" sizes=\"auto, (max-width: 480px) 150px\" src=\"https:\/\/www.abrisol.net\/wp-content\/uploads\/2025\/03\/economica.svg\" alt=\"\" class=\"uag-image-536\" width=\"72\" height=\"72\" title=\"economica\" loading=\"lazy\" role=\"img\"\/><\/figure><\/div>\n\n\n\n<div class=\"wp-block-uagb-advanced-heading uagb-block-5ffc8d81\"><p class=\"uagb-heading-text\">Estalviar en aigua i productes de manteniment<\/p><\/div>\n\n\n\n<div id=\"read-more-pergolas\" class=\"wp-block-uagb-container read-more-pergolas uagb-block-e431a79d alignfull uagb-is-root-container\"><div class=\"uagb-container-inner-blocks-wrap\">\n<div class=\"wp-block-uagb-advanced-heading uagb-block-60df8b60\"><p class=\"uagb-heading-text\">En cobrir el seu spa amb les nostres cobertes, evitar\u00e0 l&#8217;evaporaci\u00f3 tant de l&#8217;aigua com dels productes de manteniment que utilitzi per al seu jacuzzi. Aix\u00f2 passa perqu\u00e8 les nostres plaques actuen com una capa de protecci\u00f3 dels raigs solars que fan que la llum solar incideixi menys en l&#8217;interior evitant d&#8217;aquesta manera l&#8217;evaporaci\u00f3 de l&#8217;aigua i fent-li estalviar.<\/p><\/div>\n\n\n\n<div class=\"wp-block-uagb-buttons uagb-buttons__outer-wrap uagb-btn__default-btn uagb-btn-tablet__default-btn uagb-btn-mobile__default-btn uagb-block-85483b36\"><div class=\"uagb-buttons__wrap uagb-buttons-layout-wrap \">\n<div class=\"wp-block-uagb-buttons-child uagb-buttons__outer-wrap uagb-block-6f031726 wp-block-button\"><div class=\"uagb-button__wrapper\"><a class=\"uagb-buttons-repeater wp-block-button__link\" aria-label=\"\" href=\"#\" rel=\"follow noopener\" target=\"_self\" role=\"button\"><div class=\"uagb-button__link\">Leer m\u00e1s<\/div><span class=\"uagb-button__icon uagb-button__icon-position-after\"><svg xmlns=\"https:\/\/www.w3.org\/2000\/svg\" viewBox=\"0 0 320 512\" aria-hidden=\"true\" focussable=\"false\"><path d=\"M9.375 329.4c12.51-12.51 32.76-12.49 45.25 0L128 402.8V32c0-17.69 14.31-32 32-32s32 14.31 32 32v370.8l73.38-73.38c12.5-12.5 32.75-12.5 45.25 0s12.5 32.75 0 45.25l-128 128c-12.5 12.5-32.75 12.5-45.25 0l-128-128C-3.125 362.1-3.125 341.9 9.375 329.4z\"><\/path><\/svg><\/span><\/a><\/div><\/div>\n<\/div><\/div>\n<\/div><\/div>\n<\/div>\n\n\n\n<div class=\"wp-block-uagb-container uagb-block-6f6989cb\">\n<div class=\"wp-block-uagb-image alignleft uagb-block-507588a9 wp-block-uagb-image--layout-default wp-block-uagb-image--effect-static wp-block-uagb-image--align-left\"><figure class=\"wp-block-uagb-image__figure\"><img decoding=\"async\" srcset=\"https:\/\/www.abrisol.net\/wp-content\/uploads\/2025\/03\/calidad.svg ,https:\/\/www.abrisol.net\/wp-content\/uploads\/2025\/03\/calidad.svg 780w, https:\/\/www.abrisol.net\/wp-content\/uploads\/2025\/03\/calidad.svg 360w\" sizes=\"auto, (max-width: 480px) 150px\" src=\"https:\/\/www.abrisol.net\/wp-content\/uploads\/2025\/03\/calidad.svg\" alt=\"Sello de calidad\" class=\"uag-image-2598\" width=\"72\" height=\"72\" title=\"calidad\" loading=\"lazy\" role=\"img\"\/><\/figure><\/div>\n\n\n\n<div class=\"wp-block-uagb-advanced-heading uagb-block-bcb745fa\"><p class=\"uagb-heading-text\">Millorar l&#8217;est\u00e8tica del seu espai exterior<\/p><\/div>\n\n\n\n<div id=\"read-more-pergolas\" class=\"wp-block-uagb-container read-more-pergolas uagb-block-a3f48680 alignfull uagb-is-root-container\"><div class=\"uagb-container-inner-blocks-wrap\">\n<div class=\"wp-block-uagb-advanced-heading uagb-block-3620b97e\"><p class=\"uagb-heading-text\">Gr\u00e0cies al seu elegant disseny, la coberta *Vision pot millorar l&#8217;est\u00e8tica del seu espai exterior i convertir-ho en una zona acollidora de relaxaci\u00f3 i gaudi, perfecta per a reunions socials i moments de descans.<\/p><\/div>\n\n\n\n<div class=\"wp-block-uagb-buttons uagb-buttons__outer-wrap uagb-btn__default-btn uagb-btn-tablet__default-btn uagb-btn-mobile__default-btn uagb-block-c6f11be2\"><div class=\"uagb-buttons__wrap uagb-buttons-layout-wrap \">\n<div class=\"wp-block-uagb-buttons-child uagb-buttons__outer-wrap uagb-block-89d23be4 wp-block-button\"><div class=\"uagb-button__wrapper\"><a class=\"uagb-buttons-repeater wp-block-button__link\" aria-label=\"\" href=\"#\" rel=\"follow noopener\" target=\"_self\" role=\"button\"><div class=\"uagb-button__link\">Leer m\u00e1s<\/div><span class=\"uagb-button__icon uagb-button__icon-position-after\"><svg xmlns=\"https:\/\/www.w3.org\/2000\/svg\" viewBox=\"0 0 320 512\" aria-hidden=\"true\" focussable=\"false\"><path d=\"M9.375 329.4c12.51-12.51 32.76-12.49 45.25 0L128 402.8V32c0-17.69 14.31-32 32-32s32 14.31 32 32v370.8l73.38-73.38c12.5-12.5 32.75-12.5 45.25 0s12.5 32.75 0 45.25l-128 128c-12.5 12.5-32.75 12.5-45.25 0l-128-128C-3.125 362.1-3.125 341.9 9.375 329.4z\"><\/path><\/svg><\/span><\/a><\/div><\/div>\n<\/div><\/div>\n<\/div><\/div>\n<\/div>\n<\/div><\/div>\n\n\n\n<div class=\"wp-block-uagb-container uagb-block-7d1769f4 alignfull uagb-is-root-container\"><div class=\"uagb-container-inner-blocks-wrap\">\n<div class=\"wp-block-uagb-container uagb-block-38802698\">\n<div class=\"wp-block-uagb-advanced-heading uagb-block-0d721592\"><p class=\"uagb-heading-text\">No desaprofiti aquesta oportunitat i benefici\u00ef\u2019s de la nostra exclusiva promoci\u00f3 de abril de 10% de descompte en la nostra coberta Vision perqu\u00e8 nom\u00e9s estar\u00e0 disponible durant aquest mes (des del dia 1 al 30, tots dos inclosos).<br>\\* Aquesta promoci\u00f3 excepcional \u00e9s v\u00e0lida per a totes les comandes contractades durant el mes de abril.<br>\\* Transport i muntatge no inclosos.<br>Oferta no acumulable amb altres promocions. V\u00e0lida nom\u00e9s per a la pen\u00ednsula.<\/p><\/div>\n<\/div>\n\n\n\n<div class=\"wp-block-uagb-container uagb-block-fcb665d9\">\n<figure class=\"wp-block-image size-large\"><img loading=\"lazy\" decoding=\"async\" width=\"1024\" height=\"768\" src=\"https:\/\/www.abrisol.net\/wp-content\/uploads\/2025\/05\/Cubierta_Vision_Instalada-1024x768.jpg\" alt=\"Cubierta Vision instalada en un jard\u00edn junto a una piscina protegiendo un spa.\" class=\"wp-image-11904\" title=\"\" srcset=\"https:\/\/www.abrisol.net\/wp-content\/uploads\/2025\/05\/Cubierta_Vision_Instalada-1024x768.jpg 1024w, https:\/\/www.abrisol.net\/wp-content\/uploads\/2025\/05\/Cubierta_Vision_Instalada-300x225.jpg 300w, https:\/\/www.abrisol.net\/wp-content\/uploads\/2025\/05\/Cubierta_Vision_Instalada-768x576.jpg 768w, https:\/\/www.abrisol.net\/wp-content\/uploads\/2025\/05\/Cubierta_Vision_Instalada-1536x1152.jpg 1536w, https:\/\/www.abrisol.net\/wp-content\/uploads\/2025\/05\/Cubierta_Vision_Instalada-2048x1536.jpg 2048w\" sizes=\"auto, (max-width: 1024px) 100vw, 1024px\" \/><\/figure>\n<\/div>\n<\/div><\/div>\n\n\n\n<div class=\"wp-block-uagb-container uagb-block-f57f32fc alignfull uagb-is-root-container\"><div class=\"uagb-container-inner-blocks-wrap\">\n<div class=\"wp-block-uagb-container uagb-block-b1c0639e\">\n<div class=\"wp-block-uagb-advanced-heading uagb-block-ba1a4991\"><h2 class=\"uagb-heading-text\">Contacti amb nosaltres<\/h2><\/div>\n\n\n\n<div class=\"wp-block-uagb-advanced-heading uagb-block-7022c25f\"><p class=\"uagb-heading-text\">Ompli el formulari seg\u00fcent i ens posarem en contacte amb vost\u00e8 al m\u00e9s aviat possible. Gr\u00e0cies.<\/p><\/div>\n\n\n\n<div class=\"wp-block-uagb-container contact-container uagb-block-f377549a\">\n<div class=\"wpcf7 no-js\" id=\"wpcf7-f11040-o1\" lang=\"ca\" dir=\"ltr\" data-wpcf7-id=\"11040\">\n<div class=\"screen-reader-response\"><p role=\"status\" aria-live=\"polite\" aria-atomic=\"true\"><\/p> <ul><\/ul><\/div>\n<form action=\"\/ca\/wp-json\/wp\/v2\/pages\/8676#wpcf7-f11040-o1\" method=\"post\" class=\"wpcf7-form init\" aria-label=\"Formulari de contacte\" novalidate=\"novalidate\" data-status=\"init\">\n<fieldset class=\"hidden-fields-container\"><input type=\"hidden\" name=\"_wpcf7\" value=\"11040\" \/><input type=\"hidden\" name=\"_wpcf7_version\" value=\"6.1.5\" \/><input type=\"hidden\" name=\"_wpcf7_locale\" value=\"ca\" \/><input type=\"hidden\" name=\"_wpcf7_unit_tag\" value=\"wpcf7-f11040-o1\" \/><input type=\"hidden\" name=\"_wpcf7_container_post\" value=\"0\" \/><input type=\"hidden\" name=\"_wpcf7_posted_data_hash\" value=\"\" \/><input type=\"hidden\" name=\"_wpcf7_recaptcha_response\" value=\"\" \/>\n<\/fieldset>\n<div class=\"general-container\">\n\t<div class=\"row\">\n\t\t<div class=\"column\">\n\t\t\t<p><span class=\"wpcf7-form-control-wrap\" data-name=\"nombre\"><input size=\"40\" maxlength=\"400\" class=\"wpcf7-form-control wpcf7-text wpcf7-validates-as-required\" aria-required=\"true\" aria-invalid=\"false\" placeholder=\"Nom *\" value=\"\" type=\"text\" name=\"nombre\" \/><\/span>\n\t\t\t<\/p>\n\t\t<\/div>\n\t\t<div class=\"column\">\n\t\t\t<p><span class=\"wpcf7-form-control-wrap\" data-name=\"correo\"><input size=\"40\" maxlength=\"400\" class=\"wpcf7-form-control wpcf7-email wpcf7-validates-as-required wpcf7-text wpcf7-validates-as-email\" aria-required=\"true\" aria-invalid=\"false\" placeholder=\"E-mail *\" value=\"\" type=\"email\" name=\"correo\" \/><\/span>\n\t\t\t<\/p>\n\t\t<\/div>\n\t<\/div>\n\t<div class=\"row\">\n\t\t<div class=\"column\">\n\t\t\t<p><span class=\"wpcf7-form-control-wrap\" data-name=\"telefono\"><input class=\"wpcf7-form-control wpcf7-number wpcf7-validates-as-required wpcf7-validates-as-number\" aria-required=\"true\" aria-invalid=\"false\" placeholder=\"N\u00famero tel\u00e8fon *\" value=\"\" type=\"number\" name=\"telefono\" \/><\/span>\n\t\t\t<\/p>\n\t\t<\/div>\n\t\t<div class=\"column\">\n\t\t\t<p><span class=\"wpcf7-form-control-wrap\" data-name=\"postal\"><input class=\"wpcf7-form-control wpcf7-number wpcf7-validates-as-number\" aria-invalid=\"false\" placeholder=\"Codi postal *\" value=\"\" type=\"number\" name=\"postal\" \/><\/span>\n\t\t\t<\/p>\n\t\t<\/div>\n\t<\/div>\n\t<div class=\"row\">\n\t\t<p><span class=\"wpcf7-form-control-wrap\" data-name=\"message\"><textarea cols=\"40\" rows=\"10\" maxlength=\"2000\" class=\"wpcf7-form-control wpcf7-textarea\" aria-invalid=\"false\" placeholder=\"Missatge*\" name=\"message\"><\/textarea><\/span>\n\t\t<\/p>\n\t<\/div>\n\t<div class=\"row\">\n\t\t<p><span class=\"wpcf7-form-control-wrap\" data-name=\"first-acceptance\"><span class=\"wpcf7-form-control wpcf7-acceptance\"><span class=\"wpcf7-list-item\"><label><input type=\"checkbox\" name=\"first-acceptance\" value=\"1\" aria-invalid=\"false\" \/><span class=\"wpcf7-list-item-label\">Accepto que Abrisol utilitzi les meves dades per a processar la meva sol\u00b7licitud i establir comunicaci\u00f3.<\/span><\/label><\/span><\/span><\/span><br \/>\n<span class=\"wpcf7-form-control-wrap\" data-name=\"second-acceptance\"><span class=\"wpcf7-form-control wpcf7-acceptance optional\"><span class=\"wpcf7-list-item\"><label><input type=\"checkbox\" name=\"second-acceptance\" value=\"1\" aria-invalid=\"false\" \/><span class=\"wpcf7-list-item-label\">Accepto la subscripci\u00f3 al butllet\u00ed de not\u00edcies.<\/span><\/label><\/span><\/span><\/span>\n\t\t<\/p>\n\t<\/div>\n\t<div class=\"row send-mesage\">\n\t\t<p><input class=\"wpcf7-form-control wpcf7-submit has-spinner\" type=\"submit\" value=\"Enviar\" \/>\n\t\t<\/p>\n\t<\/div>\n<\/div><div class=\"wpcf7-response-output\" aria-hidden=\"true\"><\/div>\n<\/form>\n<\/div>\n\n<\/div>\n<\/div>\n<\/div><\/div>\n","protected":false},"excerpt":{"rendered":"<p>Promoci\u00f3 especial 30 aniversari d\u2019Abrisol Enguany \u00e9s un any molt especial per a nosaltres: celebrem 30 anys oferint solucions que protegeixen i millorar l\u2019experi\u00e8ncia de gaudir de la seva piscina i spa. Durant aquestes tres d\u00e8cades hem treballat per combinar durabilitat, disseny i funcionalitat en cadascuna de les nostres cobertes i com volem compartir aquesta [&hellip;]<\/p>\n","protected":false},"author":1,"featured_media":12677,"parent":0,"menu_order":14,"comment_status":"closed","ping_status":"closed","template":"","meta":{"_acf_changed":false,"_uag_custom_page_level_css":"","footnotes":""},"class_list":["post-8676","page","type-page","status-publish","has-post-thumbnail","hentry"],"acf":[],"spectra_custom_meta":{"rank_math_internal_links_processed":["1"],"_wpml_media_duplicate":["1"],"_wpml_media_featured":["1"],"_titulo_primera_seccion_texto_con_imagen":["field_67e1568e37684"],"_parrafo_primera_seccion_texto_con_imagen":["field_67e156c937685"],"_imagen_primera_seccion_texto_con_imagen":["field_67e156d637686"],"_top_nav_excluded":[""],"_cms_nav_minihome":[""],"_wp_page_template":["default"],"_wpml_media_has_media":["1"],"_last_translation_edit_mode":["native-editor"],"_wpml_word_count":["603"],"_oembed_fe6489bf7bf6edd5e18025740bc81387":["<iframe title=\"MALTA (cubierta de piscina telesc\u00f3pica): opciones de configuraci\u00f3n (espa\u00f1ol)\" width=\"500\" height=\"281\" src=\"https:\/\/www.youtube.com\/embed\/hDmmhCIkDdQ?feature=oembed\" frameborder=\"0\" allow=\"accelerometer; autoplay; clipboard-write; encrypted-media; gyroscope; picture-in-picture; web-share\" referrerpolicy=\"strict-origin-when-cross-origin\" allowfullscreen><\/iframe>"],"_oembed_time_fe6489bf7bf6edd5e18025740bc81387":["1749204891"],"rank_math_og_content_image":["a:2:{s:5:\"check\";s:32:\"320a23410a86a2915d703e5edb5e1904\";s:6:\"images\";a:1:{i:0;i:11955;}}"],"_edit_lock":["1775118364:43"],"rank_math_seo_score":["19"],"_uag_custom_page_level_css":[""],"footnotes":[""],"_edit_last":["43"],"banner_promocion":["2273"],"cuarto_icono_seccion_beneficios":["539"],"cuarto_parrafo_seccion_beneficios":["Com ja hem esmentat anteriorment, les cobertes per a piscines funcionen tamb\u00e9 com un sistema de calefacci\u00f3 de l'aigua natural que li permet gaudir del bany encara que no faci tanta calor en augmentar la temperatura de l'aigua entre 8 \u00b0C i 10 \u00b0C i fins i tot mantenir eixa temperatura."],"cuarto_titulo_seccion_beneficios":["Estalvi\u00ef en productes de neteja i aigua"],"imagen_primera_seccion_texto_con_imagen":["1723"],"parafo_seccion_beneficios":["La instal\u00b7laci\u00f3 d'una coberta de piscina com el model Tabarca, pot portar grans beneficis que li permeten no sols gaudir de la seva piscina durant m\u00e9s temps, sin\u00f3 tamb\u00e9 evitar reparacions, a m\u00e9s de fer-li estalviar en el seu manteniment. Entre eixos beneficis, trobem: "],"parrafo_introduccion_promocion":["Oficialment ha comen\u00e7at l\u2019estiu, i amb ell arriben les ganes de passar m\u00e9s temps a la piscina. Per\u00f2 el sol intens, la brut\u00edcia o una tempesta inesperada poden arru\u00efnar aquest moment de relax tan desitjat.\r\n\r\nPer aix\u00f2, a Abrisol li oferim una soluci\u00f3 pr\u00e0ctica i elegant: les nostres cobertes per a piscina, que no nom\u00e9s protegeixen del sol, la pluja o la brut\u00edcia, sin\u00f3 que tamb\u00e9 creen un espai segur i c\u00f2mode per gaudir a qualsevol hora del dia.\r\n\r\nAquest mes de juliol, l\u2019ajudem a fer el pas amb una oferta que no voldr\u00e0 deixar escapar: un 10% de descompte en la nostra coberta model Tabarca, una soluci\u00f3 elegant i funcional que, aquest mes, \u00e9s encara m\u00e9s econ\u00f2mica perqu\u00e8 pugui gaudir de la seva piscina com mai.\r\n"],"parrafo_primera_seccion_texto_con_imagen":["La coberta Tabarca \u00e9s una coberta telesc\u00f2pica amb un disseny modern i un marcat estil avantguardista. Un dels punts forts d'aquest model \u00e9s que t\u00e9 una gran capacitat de personalitzaci\u00f3, podent triar no sols la grand\u00e0ria de la coberta, sin\u00f3 tamb\u00e9 el sistema de despla\u00e7ament o les obertures (parcial, total o interm\u00e8dia). \r\n\r\nAix\u00ed mateix, \u00e9s una coberta de f\u00e0cil maneig i accepta el sistema d'obertura que m\u00e9s s'adapti a les seves necessitats (manual o autom\u00e0tic)."],"parrafo_seccion_texto_con_video":["No desaprofiti aquesta oportunitat i benefici\u00ef\u2019s de la nostra exclusiva promoci\u00f3 de juliol de 10% de descompte en la nostra coberta Tabarca perqu\u00e8 nom\u00e9s estar\u00e0 disponible durant aquest mes (des del dia 1 al 31, tots dos inclosos).\r\n*Aquesta promoci\u00f3 excepcional \u00e9s v\u00e0lida per a totes les comandes realitzades i pagats durant el mes de juliol.\r\n* Transport i muntatge no inclosos.\r\nOferta no acumulable a altres promocions.\r\nV\u00e0lida soles per a la pen\u00ednsula."],"primer_icono_seccion_beneficios":["8570"],"primer_parrafo_seccion_beneficios":["<span style=\"font-weight: 400;\">Gaud\u00ed de la seva piscina TOT l'any. Gr\u00e0cies a l'efecte d'hivernacle, la nostra coberta Malta pot augmentar la temperatura de l'aigua permetent-li utilitzar la seva piscina encara que hagin baixat les temperatures, per\u00f2 tamb\u00e9 li permetr\u00e0 banyar-se mentre plogui, una oportunitat que no tindria si no est\u00e0 coberta.<\/span>"],"primer_titulo_seccion_beneficios":["Gaud\u00ed de la seva piscina TOT l'any"],"quinto_icono_seccion_beneficios":["1418"],"quinto_parrafo_seccion_beneficios":["Un dels beneficis m\u00e9s importants d'aquesta mena d'estructures \u00e9s la capa de seguretat que atorguen a aquests espais. Instal\u00b7lar una coberta per a piscina pot protegir nens i mascotes d'esglais com a caigudes en moments en els quals no estem pendents. "],"quinto_titulo_seccion_beneficios":["Protegeixi nens i mascotes"],"segundo_icono_seccion_beneficios":["8523"],"segundo_parrafo_seccion_beneficios":["La pluja i altres fen\u00f2mens meteorol\u00f2gics no s\u00f3n les \u00faniques agressions externes que una coberta com la Tabarca pot protegir la seva piscina. La brut\u00edcia (pols, fulles, etc.) i el sol tamb\u00e9 s\u00f3n elements externs que poden embrutar i fins i tot desbaratar a llarg termini la seva piscina. Gr\u00e0cies a la instal\u00b7laci\u00f3 d'una coberta de piscina, pot evitar que aquests elements externs afecten negativament la seva piscina."],"segundo_titulo_seccion_beneficios":["Protegeixi la seva piscina d'agressions externes"],"tercer_icono_seccion_beneficios":["539"],"tercer_parrafo_seccion_beneficios":["En cobrir la seva piscina amb el nostre model Tabarca, evitar\u00e0 l'evaporaci\u00f3 tant de l'aigua com dels productes de manteniment que utilitzi per a la seva piscina. Aix\u00f2 es deu al fet que les plaques que utilitzem per a la fabricaci\u00f3 de la coberta actuen com una capa de protecci\u00f3 dels raigs solars que fan que la llum solar incideixi menys en l'interior, evitant d'aquesta manera l'evaporaci\u00f3 de l'aigua i fent-li estalviar."],"tercer_titulo_seccion_beneficios":["Augmenti la temperatura de l'aigua"],"titulo_introduccion_promocion":["Oficialment ha comen\u00e7at l\u2019estiu, i amb ell arriben les ganes de passar m\u00e9s temps a la piscina."],"titulo_primera_seccion_texto_con_imagen":["Coberta Tabarca"],"titulo_promocion":["Promoci\u00f3 de juliol de Abrisol"],"titulo_seccion_beneficios":["Beneficis d\u2019instal\u00b7lar una coberta Tabarca"],"url_boton":["\/ca\/cubiertas\/coberta-tabarca\/"],"url_video_seccion_texto_con_video":["https:\/\/www.youtube.com\/watch?v=wcndpnbJwfs"],"_oembed_22aba8f6e8950d62d7664806a11f4e96":["<iframe title=\"Cubierta para piscina TABARCA | La m\u00e1s vendida entre las cubiertas altas \ud83c\udfc6\u200b | www.abrisol.net\" width=\"500\" height=\"281\" src=\"https:\/\/www.youtube.com\/embed\/wcndpnbJwfs?feature=oembed\" frameborder=\"0\" allow=\"accelerometer; autoplay; clipboard-write; encrypted-media; gyroscope; picture-in-picture; web-share\" referrerpolicy=\"strict-origin-when-cross-origin\" allowfullscreen><\/iframe>"],"_oembed_time_22aba8f6e8950d62d7664806a11f4e96":["1756891105"],"_oembed_0df225823c5dc18c8971df146dc8cf3a":["<iframe title=\"Lujo y elegancia con la cubierta para spa Sfera de Abrisol en el Hotel Les Manoirs de Tourgeville\" width=\"500\" height=\"281\" src=\"https:\/\/www.youtube.com\/embed\/vDRGqbld-1U?feature=oembed\" frameborder=\"0\" allow=\"accelerometer; autoplay; clipboard-write; encrypted-media; gyroscope; picture-in-picture; web-share\" referrerpolicy=\"strict-origin-when-cross-origin\" allowfullscreen><\/iframe>"],"_oembed_time_0df225823c5dc18c8971df146dc8cf3a":["1762162153"],"_thumbnail_id":["12677"],"_uag_css_file_name":["uag-css-8676.css"],"_uag_js_file_name":["uag-js-8676.js"]},"uagb_featured_image_src":{"full":["https:\/\/www.abrisol.net\/wp-content\/uploads\/2026\/04\/Web_.png",1709,646,false],"thumbnail":["https:\/\/www.abrisol.net\/wp-content\/uploads\/2026\/04\/Web_-150x150.png",150,150,true],"medium":["https:\/\/www.abrisol.net\/wp-content\/uploads\/2026\/04\/Web_-300x113.png",300,113,true],"medium_large":["https:\/\/www.abrisol.net\/wp-content\/uploads\/2026\/04\/Web_-768x290.png",768,290,true],"large":["https:\/\/www.abrisol.net\/wp-content\/uploads\/2026\/04\/Web_-1024x387.png",1024,387,true],"1536x1536":["https:\/\/www.abrisol.net\/wp-content\/uploads\/2026\/04\/Web_-1536x581.png",1536,581,true],"2048x2048":["https:\/\/www.abrisol.net\/wp-content\/uploads\/2026\/04\/Web_.png",1709,646,false]},"uagb_author_info":{"display_name":"redaccion","author_link":"https:\/\/www.abrisol.net\/ca\/author\/redaccion\/"},"uagb_comment_info":0,"uagb_excerpt":"Promoci\u00f3 especial 30 aniversari d\u2019Abrisol Enguany \u00e9s un any molt especial per a nosaltres: celebrem 30 anys oferint solucions que protegeixen i millorar l\u2019experi\u00e8ncia de gaudir de la seva piscina i spa. Durant aquestes tres d\u00e8cades hem treballat per combinar durabilitat, disseny i funcionalitat en cadascuna de les nostres cobertes i com volem compartir aquesta&hellip;","_links":{"self":[{"href":"https:\/\/www.abrisol.net\/ca\/wp-json\/wp\/v2\/pages\/8676","targetHints":{"allow":["GET"]}}],"collection":[{"href":"https:\/\/www.abrisol.net\/ca\/wp-json\/wp\/v2\/pages"}],"about":[{"href":"https:\/\/www.abrisol.net\/ca\/wp-json\/wp\/v2\/types\/page"}],"author":[{"embeddable":true,"href":"https:\/\/www.abrisol.net\/ca\/wp-json\/wp\/v2\/users\/1"}],"replies":[{"embeddable":true,"href":"https:\/\/www.abrisol.net\/ca\/wp-json\/wp\/v2\/comments?post=8676"}],"version-history":[{"count":37,"href":"https:\/\/www.abrisol.net\/ca\/wp-json\/wp\/v2\/pages\/8676\/revisions"}],"predecessor-version":[{"id":12704,"href":"https:\/\/www.abrisol.net\/ca\/wp-json\/wp\/v2\/pages\/8676\/revisions\/12704"}],"wp:featuredmedia":[{"embeddable":true,"href":"https:\/\/www.abrisol.net\/ca\/wp-json\/wp\/v2\/media\/12677"}],"wp:attachment":[{"href":"https:\/\/www.abrisol.net\/ca\/wp-json\/wp\/v2\/media?parent=8676"}],"curies":[{"name":"wp","href":"https:\/\/api.w.org\/{rel}","templated":true}]}}